{"id":410,"date":"2019-09-02T16:02:56","date_gmt":"2019-09-02T14:02:56","guid":{"rendered":"https:\/\/alp2100.ch\/?page_id=410"},"modified":"2024-09-26T18:06:21","modified_gmt":"2024-09-26T16:06:21","slug":"hut-mountain-cabin-eagles-nest-evolene-valais-switzerland","status":"publish","type":"page","link":"https:\/\/alp2100.ch\/en\/hut-mountain-cabin-eagles-nest-evolene-valais-switzerland\/","title":{"rendered":"Hut \/ Mountain cabin Alp 2100 La Sage (Evol\u00e8ne,Valais,Switzerland)"},"content":{"rendered":"<p><img loading=\"lazy\" decoding=\"async\" class=\"size-medium wp-image-39\" src=\"https:\/\/alp2100.ch\/wp-content\/uploads\/2016\/06\/Logo_Nid_Aigle_Volvoron-300x300.jpg\" alt=\"Hut \/ Mountain cabin Eagle's Nest (Evol\u00e8ne,Valais,Switzerland)\" width=\"150\" height=\"150\" srcset=\"https:\/\/alp2100.ch\/wp-content\/uploads\/2016\/06\/Logo_Nid_Aigle_Volvoron-300x300.jpg 300w, https:\/\/alp2100.ch\/wp-content\/uploads\/2016\/06\/Logo_Nid_Aigle_Volvoron-150x150.jpg 150w, https:\/\/alp2100.ch\/wp-content\/uploads\/2016\/06\/Logo_Nid_Aigle_Volvoron.jpg 500w\" sizes=\"auto, (max-width: 150px) 100vw, 150px\" \/><\/p>\n<h2>True luxury is silence and solitude<\/h2>\n<h3>The mayen, which was completely renovated in 2023, stands at an altitude of 2100m, facing the highest peaks in the Valais Alps (Dent-Blanche, Dent d&#8217;H\u00e9rens) and the glaciers of the Haut val d&#8217;H\u00e9rens.\u00a0 At this altitude, it is the highest mayen in the valley.\u00a0 The windows and terrace offer breathtaking views. Completely renovated, the chalet has retained its original charm.\u00a0 There is a large bedroom, a bedroom with a bunk bed, a double bed in the living room and a mezzanine for several people.<\/h3>\n<h2>Les Lachiores 2100 : a unique belvedere on the upper H\u00e9rens Valley<\/h2>\n<h3>A stay at 2100 metres will give you an exceptional alpine experience, far from the hassles of civilisation.\u00a0 There&#8217;s nothing like a bath in Alpine energy to recharge your batteries. There&#8217;s no artificial folklore in this authentic valley, just nature at its best. Summer in Val d&#8217;H\u00e9rens takes you on a thousand and one trails, on foot or by mountain bike. The chalet is at the start of numerous walks and itineraries.<\/h3>\n<h2>Back to nature, slow life and \u201cdigital detox\u201d<\/h2>\n<div style=\"clear:both; min-height:20px; margin:25px 0; height:20px; background:url(https:\/\/alp2100.ch\/wp-content\/themes\/skt_hotel\/images\/hr_double.png) repeat-x center center transparent;\"><\/div>\n<p><iframe loading=\"lazy\" title=\"Alp 2100 | Un mayen exclusif \u00e0 2100m d&#039;altitude, face \u00e0 l&#039;un des plus beaux panoramas des Alpes\" width=\"500\" height=\"281\" src=\"https:\/\/www.youtube.com\/embed\/yjAmT_2DFig?feature=oembed\" frameborder=\"0\" allow=\"accelerometer; autoplay; clipboard-write; encrypted-media; gyroscope; picture-in-picture; web-share\" referrerpolicy=\"strict-origin-when-cross-origin\" allowfullscreen><\/iframe><\/p>\n<div style=\"clear:both; min-height:20px; margin:25px 0; height:20px; background:url(https:\/\/alp2100.ch\/wp-content\/themes\/skt_hotel\/images\/hr_double.png) repeat-x center center transparent;\"><\/div>\n<p><span style=\"color: revert; font-size: revert; font-weight: revert;\">Comfort and authenticity , silence and exceptional views.<\/span><\/p>\n<p>The chalet features:<br \/>\n\u2013 \u00ab Peyo \u00bb : beautiful traditional living room with stone stove , 10 seater table , sofa\/bed<br \/>\n\u2013 2 small bedrooms with 4 sleeps : 1 bunk bed 90*200 et 1 bed 160*200<br \/>\n&#8211; 1 mezzanine with 3 beds<br \/>\n\u2013 1 separate kitchen with a table, oven and small refrigerator<br \/>\n\u2013 toilet and shower<br \/>\n\u2013 terrace with view on the valley<\/p>\n<p>Light is produced with solar energy. Due to the altitude and isolation, access is only guaranteed from Mai\u00a0 to October<\/p>\n<p><div style=\"clear:both; min-height:20px; margin:25px 0; height:20px; background:url(https:\/\/alp2100.ch\/wp-content\/themes\/skt_hotel\/images\/hr_double.png) repeat-x center center transparent;\"><\/div><br \/>\n<div class=\"image-row\"><div class=\"image-set\"><a class=\"example-image-link\" href=\"https:\/\/alp2100.ch\/wp-content\/uploads\/2024\/09\/Mayen_Maiensass_Alphutte_2100.jpg\" data-lightbox=\"example-set\" data-title=\"La terrasse | Alp 2100 | Louer Mayen exclusif en Valais (Suisse) | Location mazot | Chalet isol\u00e9\"><img decoding=\"async\" class=\"example-image\" src=\"https:\/\/alp2100.ch\/wp-content\/uploads\/2024\/09\/Mayen_Maiensass_Alphutte_2100.jpg\" \/><span class=\"zoomin\"><\/span><\/a><a class=\"example-image-link\" href=\"https:\/\/alp2100.ch\/wp-content\/uploads\/2024\/09\/Mayen_Maiensass_Alphute_2100.jpg\" data-lightbox=\"example-set\" data-title=\"La terrasse | Alp 2100 | Louer Mayen exclusif en Valais (Suisse) | Location mazot | Chalet isol\u00e9\"><img decoding=\"async\" class=\"example-image\" src=\"https:\/\/alp2100.ch\/wp-content\/uploads\/2024\/09\/Mayen_Maiensass_Alphute_2100.jpg\" \/><span class=\"zoomin\"><\/span><\/a><a class=\"example-image-link\" href=\"https:\/\/alp2100.ch\/wp-content\/uploads\/2024\/09\/Mayen_Maiensass_Alphutte_2100_4.jpg\" data-lightbox=\"example-set\" data-title=\"La terrasse | Alp 2100 | Louer Mayen exclusif en Valais (Suisse) | Location mazot | Chalet isol\u00e9\"><img decoding=\"async\" class=\"example-image\" src=\"https:\/\/alp2100.ch\/wp-content\/uploads\/2024\/09\/Mayen_Maiensass_Alphutte_2100_4.jpg\" \/><span class=\"zoomin\"><\/span><\/a><a class=\"example-image-link\" href=\"https:\/\/alp2100.ch\/wp-content\/uploads\/2024\/09\/Alp2100_Mayen_Maiensass_Salon.jpg\" data-lightbox=\"example-set\" data-title=\"La Salle \u00e0 Manger | Alp 2100 | Louer Mayen exclusif en Valais (Suisse) | Location mazot | Chalet isol\u00e9\"><img decoding=\"async\" class=\"example-image\" src=\"https:\/\/alp2100.ch\/wp-content\/uploads\/2024\/09\/Alp2100_Mayen_Maiensass_Salon.jpg\" \/><span class=\"zoomin\"><\/span><\/a><a class=\"example-image-link\" href=\"https:\/\/alp2100.ch\/wp-content\/uploads\/2024\/09\/Alp2100_Mayen_Maiensass_Cuisine.jpg\" data-lightbox=\"example-set\" data-title=\"La cuisine | Alp 2100 | Louer Mayen exclusif en Valais (Suisse) | Location mazot | Chalet isol\u00e9\"><img decoding=\"async\" class=\"example-image\" src=\"https:\/\/alp2100.ch\/wp-content\/uploads\/2024\/09\/Alp2100_Mayen_Maiensass_Cuisine.jpg\" \/><span class=\"zoomin\"><\/span><\/a><a class=\"example-image-link\" href=\"https:\/\/alp2100.ch\/wp-content\/uploads\/2024\/09\/Alp2100_Mayen_Maiensass_Chambre.jpg\" data-lightbox=\"example-set\" data-title=\"La grande chambre \u00e0 coucher | Alp 2100 | Louer Mayen exclusif en Valais (Suisse) | Location mazot | Chalet isol\u00e9\"><img decoding=\"async\" class=\"example-image\" src=\"https:\/\/alp2100.ch\/wp-content\/uploads\/2024\/09\/Alp2100_Mayen_Maiensass_Chambre.jpg\" \/><span class=\"zoomin\"><\/span><\/a><a class=\"example-image-link\" href=\"https:\/\/alp2100.ch\/wp-content\/uploads\/2024\/09\/Alp2100_Mayen_Maiensass_Chambre-2.jpg\" data-lightbox=\"example-set\" data-title=\"La petite chambre \u00e0 coucher | Alp 2100 | Louer Mayen exclusif en Valais (Suisse) | Location mazot | Chalet isol\u00e9\"><img decoding=\"async\" class=\"example-image\" src=\"https:\/\/alp2100.ch\/wp-content\/uploads\/2024\/09\/Alp2100_Mayen_Maiensass_Chambre-2.jpg\" \/><span class=\"zoomin\"><\/span><\/a><a class=\"example-image-link\" href=\"https:\/\/alp2100.ch\/wp-content\/uploads\/2024\/09\/Alp2100_Mayen_Maiensass_Salle-de-bain.jpg\" data-lightbox=\"example-set\" data-title=\"La douche | Alp 2100 | Louer Mayen exclusif en Valais (Suisse) | Location mazot | Chalet isol\u00e9\"><img decoding=\"async\" class=\"example-image\" src=\"https:\/\/alp2100.ch\/wp-content\/uploads\/2024\/09\/Alp2100_Mayen_Maiensass_Salle-de-bain.jpg\" \/><span class=\"zoomin\"><\/span><\/a><a class=\"example-image-link\" href=\"https:\/\/alp2100.ch\/wp-content\/uploads\/2024\/09\/Mayen_Maiensass_Alphutte_2100_7.jpg\" data-lightbox=\"example-set\" data-title=\"Alp 2100 | Louer Mayen exclusif en Valais (Suisse) | Location mazot | Chalet isol\u00e9\"><img decoding=\"async\" class=\"example-image\" src=\"https:\/\/alp2100.ch\/wp-content\/uploads\/2024\/09\/Mayen_Maiensass_Alphutte_2100_7.jpg\" \/><span class=\"zoomin\"><\/span><\/a><a class=\"example-image-link\" href=\"https:\/\/alp2100.ch\/wp-content\/uploads\/2024\/09\/Alp2100_Mayen_Maiensass.jpg\" data-lightbox=\"example-set\" data-title=\"Alp 2100 | Louer Mayen exclusif en Valais (Suisse) | Location mazot | Chalet isol\u00e9\"><img decoding=\"async\" class=\"example-image\" src=\"https:\/\/alp2100.ch\/wp-content\/uploads\/2024\/09\/Alp2100_Mayen_Maiensass.jpg\" \/><span class=\"zoomin\"><\/span><\/a><a class=\"example-image-link\" href=\"https:\/\/alp2100.ch\/wp-content\/uploads\/2024\/09\/Mayen_Maiensass_Alphutte_2100_2.jpg\" data-lightbox=\"example-set\" data-title=\"\"><img decoding=\"async\" class=\"example-image\" src=\"https:\/\/alp2100.ch\/wp-content\/uploads\/2024\/09\/Mayen_Maiensass_Alphutte_2100_2.jpg\" \/><span class=\"zoomin\"><\/span><\/a><a class=\"example-image-link\" href=\"https:\/\/alp2100.ch\/wp-content\/uploads\/2024\/09\/Mayen_Maiensass_Alphutte_2100_1.jpg\" data-lightbox=\"example-set\" data-title=\"Soir\u00e9e au Mayen | Alp 2100 | Louer Mayen exclusif en Valais (Suisse) | Location mazot | Chalet isol\u00e9\"><img decoding=\"async\" class=\"example-image\" src=\"https:\/\/alp2100.ch\/wp-content\/uploads\/2024\/09\/Mayen_Maiensass_Alphutte_2100_1.jpg\" \/><span class=\"zoomin\"><\/span><\/a><a class=\"example-image-link\" href=\"https:\/\/alp2100.ch\/wp-content\/uploads\/2024\/09\/Mayen_Maiensass_Alphutte_2100_3.jpg\" data-lightbox=\"example-set\" data-title=\"La Terrasse | Alp 2100 | Louer Mayen exclusif en Valais (Suisse) | Location mazot | Chalet isol\u00e9\"><img decoding=\"async\" class=\"example-image\" src=\"https:\/\/alp2100.ch\/wp-content\/uploads\/2024\/09\/Mayen_Maiensass_Alphutte_2100_3.jpg\" \/><span class=\"zoomin\"><\/span><\/a><a class=\"example-image-link\" href=\"https:\/\/alp2100.ch\/wp-content\/uploads\/2024\/09\/Mayen_Maiensass_Alphutte_2100_5.jpg\" data-lightbox=\"example-set\" data-title=\"\"><img decoding=\"async\" class=\"example-image\" src=\"https:\/\/alp2100.ch\/wp-content\/uploads\/2024\/09\/Mayen_Maiensass_Alphutte_2100_5.jpg\" \/><span class=\"zoomin\"><\/span><\/a><a class=\"example-image-link\" href=\"https:\/\/alp2100.ch\/wp-content\/uploads\/2024\/09\/Mayen_Maiensass_Alphutte_2100_6.jpg\" data-lightbox=\"example-set\" data-title=\"La Dent d&#8217;H\u00e9rens | Alp 2100 | Louer Mayen exclusif en Valais (Suisse) | Location mazot | Chalet isol\u00e9\"><img decoding=\"async\" class=\"example-image\" src=\"https:\/\/alp2100.ch\/wp-content\/uploads\/2024\/09\/Mayen_Maiensass_Alphutte_2100_6.jpg\" \/><span class=\"zoomin\"><\/span><\/a><a class=\"example-image-link\" href=\"https:\/\/alp2100.ch\/wp-content\/uploads\/2024\/09\/Alp_2100_Mayen_Alphuette.png\" data-lightbox=\"example-set\" data-title=\"Alp 2100 | Louer Mayen exclusif en Valais (Suisse) | Location mazot | Chalet isol\u00e9\"><img decoding=\"async\" class=\"example-image\" src=\"https:\/\/alp2100.ch\/wp-content\/uploads\/2024\/09\/Alp_2100_Mayen_Alphuette.png\" \/><span class=\"zoomin\"><\/span><\/a><\/div><\/div><br \/>\n<div style=\"clear:both; min-height:20px; margin:25px 0; height:20px; background:url(https:\/\/alp2100.ch\/wp-content\/themes\/skt_hotel\/images\/hr_double.png) repeat-x center center transparent;\"><\/div><\/p>\n<h2>A Hut \/ Mountain cabin above the hamlet of Evol\u00e8ne, one of the most beautiful village of Switzerland(Herens Valley,Valais)<\/h2>\n<p>Evol\u00e8ne: the perfect destination for hikers and mountain lovers. The Val d\u2019H\u00e9rens remains one of the most unspoiled valleys in the Alps: nowhere in the valley will you see the huge condominium buildings or the mountain-sides defaced by overdeveloped ski-pistes that have become so common elsewhere. The H\u00e9rens Valley is still essentially agricultural, and the villages remain small, traditional, and strikingly picturesque. They are nestled among some of the highest mountains in the Alps, including the Dent Blanche, the Pigne d\u2019Arolla and the Matterhorn, making the valley a perfect spot for both active and contemplative vacationers.<\/p>\n<div style=\"clear:both; min-height:20px; margin:25px 0; height:20px; background:url(https:\/\/alp2100.ch\/wp-content\/themes\/skt_hotel\/images\/hr_double.png) repeat-x center center transparent;\"><\/div>\n<h2>Hut \/ Chalet Alp 2100 : Testimonials<\/h2>\n<p><div class=\"testimonials-wrap\" style=\"width:100%;\"><br \/>\n<ul id=\"testimonials\"><li class=\"list_testimonials\"><p>Magnifique situation du chalet, tr\u00e8s facile d'acc\u00e8s en voiture, r\u00e9cemment r\u00e9nov\u00e9, tr\u00e8s luxueux pour un \u00ab chalet d'alpage\/mairie \u00bb, grandes fen\u00eatres pour profiter de la vue magnifique. Le propri\u00e9taire est incroyablement gentil et serviable en toutes circonstances.\r\n\r\nKatja Remsch (Avis Google 2024)<\/p><cite> Magnifique situation<\/cite><\/li><li class=\"list_testimonials\"><p>L'Alp 2100 est un magnifique mayen situ\u00e9 dans un endroit de r\u00eave. Malgr\u00e9 sa situation exclusive en montagne, l'\u00e9quipement est \u00e9tonnamment bon. Gr\u00e2ce \u00e0 l'\u00e9lectricit\u00e9 solaire, un petit r\u00e9frig\u00e9rateur, de l'eau chaude et un po\u00eale \u00e0 bois, rien ne manque. Le mayen est facilement accessible en voiture et il y a des places de parking juste \u00e0 c\u00f4t\u00e9. Le propri\u00e9taire est extr\u00eamement aimable, serviable et excellemment organis\u00e9. L'endroit est parfaitement adapt\u00e9 pour se d\u00e9tendre, profiter de la nature et entreprendre des randonn\u00e9es en montagne ou des escalades vers les 3000 m\u00e8tres et les lacs environnants. Dans l'ensemble, une recommandation sans r\u00e9serve !\r\n\r\nDavid (Avis Google 2024)\r\n<\/p><cite> Un endroit de r\u00eave<\/cite><\/li><\/ul><br \/>\n<\/div><br \/>\n<div style=\"clear:both; min-height:20px; margin:25px 0; height:20px; background:url(https:\/\/alp2100.ch\/wp-content\/themes\/skt_hotel\/images\/hr_double.png) repeat-x center center transparent;\"><\/div><\/p>\n<p>You may also be interested in the following accommodation<\/p>\n<p><a href=\"http:\/\/campdebase.ch\" target=\"_blank\" rel=\"Basecamp Evol\u00e8ne noopener\"><img loading=\"lazy\" decoding=\"async\" class=\"wp-image-697 size-medium\" src=\"https:\/\/alp2100.ch\/wp-content\/uploads\/2023\/04\/campdebase_appartement_evolene-300x300.png\" alt=\"camp de base evolene - appartement de vacances \u00e0 louer val d'H\u00e9rens\" width=\"300\" height=\"300\" srcset=\"https:\/\/alp2100.ch\/wp-content\/uploads\/2023\/04\/campdebase_appartement_evolene-300x300.png 300w, https:\/\/alp2100.ch\/wp-content\/uploads\/2023\/04\/campdebase_appartement_evolene-150x150.png 150w, https:\/\/alp2100.ch\/wp-content\/uploads\/2023\/04\/campdebase_appartement_evolene.png 500w\" sizes=\"auto, (max-width: 300px) 100vw, 300px\" \/><\/a><\/p>\n","protected":false},"excerpt":{"rendered":"<p>True luxury is silence and solitude The mayen, which was completely renovated in 2023, stands at an altitude of 2100m, facing the highest peaks in the Valais Alps (Dent-Blanche, Dent d&#8217;H\u00e9rens) and the glaciers of the Haut val d&#8217;H\u00e9rens.\u00a0 At&#8230; <\/p>\n","protected":false},"author":1,"featured_media":413,"parent":0,"menu_order":0,"comment_status":"closed","ping_status":"closed","template":"","meta":{"footnotes":""},"class_list":["post-410","page","type-page","status-publish","has-post-thumbnail","hentry"],"yoast_head":"<!-- This site is optimized with the Yoast SEO plugin v25.9 - https:\/\/yoast.com\/wordpress\/plugins\/seo\/ -->\n<title>Hut \/ Mountain cabin | Herens Valley, Valais, Switzerland<\/title>\n<meta name=\"description\" content=\"Your holidays in the authentic Hut \/ Mountain cabin Eagle&#039;s Nest built in 1911. Homecoming and healing facing one of the best views of the Alps\" \/>\n<meta name=\"robots\" content=\"index, follow, max-snippet:-1, max-image-preview:large, max-video-preview:-1\" \/>\n<link rel=\"canonical\" href=\"https:\/\/alp2100.ch\/en\/hut-mountain-cabin-eagles-nest-evolene-valais-switzerland\/\" \/>\n<meta property=\"og:locale\" content=\"en_US\" \/>\n<meta property=\"og:type\" content=\"article\" \/>\n<meta property=\"og:title\" content=\"Hut \/ Mountain cabin | Herens Valley, Valais, Switzerland\" \/>\n<meta property=\"og:description\" content=\"Your holidays in the authentic Hut \/ Mountain cabin Eagle&#039;s Nest built in 1911. Homecoming and healing facing one of the best views of the Alps\" \/>\n<meta property=\"og:url\" content=\"https:\/\/alp2100.ch\/en\/hut-mountain-cabin-eagles-nest-evolene-valais-switzerland\/\" \/>\n<meta property=\"og:site_name\" content=\"Alp 2100 | Mayen \u00e0 louer en Valais (Suisse) | Location mazot | Chalet isol\u00e9\" \/>\n<meta property=\"article:modified_time\" content=\"2024-09-26T16:06:21+00:00\" \/>\n<meta property=\"og:image\" content=\"https:\/\/alp2100.ch\/wp-content\/uploads\/2019\/09\/Chalet-Nid-dAigle-panorama-haut-val-dH\u00e9rens1.jpg\" \/>\n\t<meta property=\"og:image:width\" content=\"2000\" \/>\n\t<meta property=\"og:image:height\" content=\"594\" \/>\n\t<meta property=\"og:image:type\" content=\"image\/jpeg\" \/>\n<meta name=\"twitter:card\" content=\"summary_large_image\" \/>\n<meta name=\"twitter:label1\" content=\"Est. reading time\" \/>\n\t<meta name=\"twitter:data1\" content=\"3 minutes\" \/>\n<script type=\"application\/ld+json\" class=\"yoast-schema-graph\">{\"@context\":\"https:\/\/schema.org\",\"@graph\":[{\"@type\":\"WebPage\",\"@id\":\"https:\/\/alp2100.ch\/en\/hut-mountain-cabin-eagles-nest-evolene-valais-switzerland\/\",\"url\":\"https:\/\/alp2100.ch\/en\/hut-mountain-cabin-eagles-nest-evolene-valais-switzerland\/\",\"name\":\"Hut \/ Mountain cabin | Herens Valley, Valais, Switzerland\",\"isPartOf\":{\"@id\":\"https:\/\/alp2100.ch\/en\/#website\"},\"primaryImageOfPage\":{\"@id\":\"https:\/\/alp2100.ch\/en\/hut-mountain-cabin-eagles-nest-evolene-valais-switzerland\/#primaryimage\"},\"image\":{\"@id\":\"https:\/\/alp2100.ch\/en\/hut-mountain-cabin-eagles-nest-evolene-valais-switzerland\/#primaryimage\"},\"thumbnailUrl\":\"https:\/\/alp2100.ch\/wp-content\/uploads\/2019\/09\/Chalet-Nid-dAigle-panorama-haut-val-dH\u00e9rens1.jpg\",\"datePublished\":\"2019-09-02T14:02:56+00:00\",\"dateModified\":\"2024-09-26T16:06:21+00:00\",\"description\":\"Your holidays in the authentic Hut \/ Mountain cabin Eagle's Nest built in 1911. Homecoming and healing facing one of the best views of the Alps\",\"breadcrumb\":{\"@id\":\"https:\/\/alp2100.ch\/en\/hut-mountain-cabin-eagles-nest-evolene-valais-switzerland\/#breadcrumb\"},\"inLanguage\":\"en-US\",\"potentialAction\":[{\"@type\":\"ReadAction\",\"target\":[\"https:\/\/alp2100.ch\/en\/hut-mountain-cabin-eagles-nest-evolene-valais-switzerland\/\"]}]},{\"@type\":\"ImageObject\",\"inLanguage\":\"en-US\",\"@id\":\"https:\/\/alp2100.ch\/en\/hut-mountain-cabin-eagles-nest-evolene-valais-switzerland\/#primaryimage\",\"url\":\"https:\/\/alp2100.ch\/wp-content\/uploads\/2019\/09\/Chalet-Nid-dAigle-panorama-haut-val-dH\u00e9rens1.jpg\",\"contentUrl\":\"https:\/\/alp2100.ch\/wp-content\/uploads\/2019\/09\/Chalet-Nid-dAigle-panorama-haut-val-dH\u00e9rens1.jpg\",\"width\":2000,\"height\":594,\"caption\":\"Hut \/ Chalet Eagle\u2019s Nest (Evol\u00e8ne,Valais,Switzerland) - mountain cabin to rent in the swiss Alps\"},{\"@type\":\"BreadcrumbList\",\"@id\":\"https:\/\/alp2100.ch\/en\/hut-mountain-cabin-eagles-nest-evolene-valais-switzerland\/#breadcrumb\",\"itemListElement\":[{\"@type\":\"ListItem\",\"position\":1,\"name\":\"Accueil\",\"item\":\"https:\/\/alp2100.ch\/en\/\"},{\"@type\":\"ListItem\",\"position\":2,\"name\":\"Hut \/ Mountain cabin Alp 2100 La Sage (Evol\u00e8ne,Valais,Switzerland)\"}]},{\"@type\":\"WebSite\",\"@id\":\"https:\/\/alp2100.ch\/en\/#website\",\"url\":\"https:\/\/alp2100.ch\/en\/\",\"name\":\"Alp 2100 | Mayen \u00e0 louer en Valais (Suisse) | Location mazot | Chalet isol\u00e9\",\"description\":\"\",\"potentialAction\":[{\"@type\":\"SearchAction\",\"target\":{\"@type\":\"EntryPoint\",\"urlTemplate\":\"https:\/\/alp2100.ch\/en\/?s={search_term_string}\"},\"query-input\":{\"@type\":\"PropertyValueSpecification\",\"valueRequired\":true,\"valueName\":\"search_term_string\"}}],\"inLanguage\":\"en-US\"}]}<\/script>\n<!-- \/ Yoast SEO plugin. -->","yoast_head_json":{"title":"Hut \/ Mountain cabin | Herens Valley, Valais, Switzerland","description":"Your holidays in the authentic Hut \/ Mountain cabin Eagle's Nest built in 1911. Homecoming and healing facing one of the best views of the Alps","robots":{"index":"index","follow":"follow","max-snippet":"max-snippet:-1","max-image-preview":"max-image-preview:large","max-video-preview":"max-video-preview:-1"},"canonical":"https:\/\/alp2100.ch\/en\/hut-mountain-cabin-eagles-nest-evolene-valais-switzerland\/","og_locale":"en_US","og_type":"article","og_title":"Hut \/ Mountain cabin | Herens Valley, Valais, Switzerland","og_description":"Your holidays in the authentic Hut \/ Mountain cabin Eagle's Nest built in 1911. Homecoming and healing facing one of the best views of the Alps","og_url":"https:\/\/alp2100.ch\/en\/hut-mountain-cabin-eagles-nest-evolene-valais-switzerland\/","og_site_name":"Alp 2100 | Mayen \u00e0 louer en Valais (Suisse) | Location mazot | Chalet isol\u00e9","article_modified_time":"2024-09-26T16:06:21+00:00","og_image":[{"width":2000,"height":594,"url":"https:\/\/alp2100.ch\/wp-content\/uploads\/2019\/09\/Chalet-Nid-dAigle-panorama-haut-val-dH\u00e9rens1.jpg","type":"image\/jpeg"}],"twitter_card":"summary_large_image","twitter_misc":{"Est. reading time":"3 minutes"},"schema":{"@context":"https:\/\/schema.org","@graph":[{"@type":"WebPage","@id":"https:\/\/alp2100.ch\/en\/hut-mountain-cabin-eagles-nest-evolene-valais-switzerland\/","url":"https:\/\/alp2100.ch\/en\/hut-mountain-cabin-eagles-nest-evolene-valais-switzerland\/","name":"Hut \/ Mountain cabin | Herens Valley, Valais, Switzerland","isPartOf":{"@id":"https:\/\/alp2100.ch\/en\/#website"},"primaryImageOfPage":{"@id":"https:\/\/alp2100.ch\/en\/hut-mountain-cabin-eagles-nest-evolene-valais-switzerland\/#primaryimage"},"image":{"@id":"https:\/\/alp2100.ch\/en\/hut-mountain-cabin-eagles-nest-evolene-valais-switzerland\/#primaryimage"},"thumbnailUrl":"https:\/\/alp2100.ch\/wp-content\/uploads\/2019\/09\/Chalet-Nid-dAigle-panorama-haut-val-dH\u00e9rens1.jpg","datePublished":"2019-09-02T14:02:56+00:00","dateModified":"2024-09-26T16:06:21+00:00","description":"Your holidays in the authentic Hut \/ Mountain cabin Eagle's Nest built in 1911. Homecoming and healing facing one of the best views of the Alps","breadcrumb":{"@id":"https:\/\/alp2100.ch\/en\/hut-mountain-cabin-eagles-nest-evolene-valais-switzerland\/#breadcrumb"},"inLanguage":"en-US","potentialAction":[{"@type":"ReadAction","target":["https:\/\/alp2100.ch\/en\/hut-mountain-cabin-eagles-nest-evolene-valais-switzerland\/"]}]},{"@type":"ImageObject","inLanguage":"en-US","@id":"https:\/\/alp2100.ch\/en\/hut-mountain-cabin-eagles-nest-evolene-valais-switzerland\/#primaryimage","url":"https:\/\/alp2100.ch\/wp-content\/uploads\/2019\/09\/Chalet-Nid-dAigle-panorama-haut-val-dH\u00e9rens1.jpg","contentUrl":"https:\/\/alp2100.ch\/wp-content\/uploads\/2019\/09\/Chalet-Nid-dAigle-panorama-haut-val-dH\u00e9rens1.jpg","width":2000,"height":594,"caption":"Hut \/ Chalet Eagle\u2019s Nest (Evol\u00e8ne,Valais,Switzerland) - mountain cabin to rent in the swiss Alps"},{"@type":"BreadcrumbList","@id":"https:\/\/alp2100.ch\/en\/hut-mountain-cabin-eagles-nest-evolene-valais-switzerland\/#breadcrumb","itemListElement":[{"@type":"ListItem","position":1,"name":"Accueil","item":"https:\/\/alp2100.ch\/en\/"},{"@type":"ListItem","position":2,"name":"Hut \/ Mountain cabin Alp 2100 La Sage (Evol\u00e8ne,Valais,Switzerland)"}]},{"@type":"WebSite","@id":"https:\/\/alp2100.ch\/en\/#website","url":"https:\/\/alp2100.ch\/en\/","name":"Alp 2100 | Mayen \u00e0 louer en Valais (Suisse) | Location mazot | Chalet isol\u00e9","description":"","potentialAction":[{"@type":"SearchAction","target":{"@type":"EntryPoint","urlTemplate":"https:\/\/alp2100.ch\/en\/?s={search_term_string}"},"query-input":{"@type":"PropertyValueSpecification","valueRequired":true,"valueName":"search_term_string"}}],"inLanguage":"en-US"}]}},"_links":{"self":[{"href":"https:\/\/alp2100.ch\/en\/wp-json\/wp\/v2\/pages\/410","targetHints":{"allow":["GET"]}}],"collection":[{"href":"https:\/\/alp2100.ch\/en\/wp-json\/wp\/v2\/pages"}],"about":[{"href":"https:\/\/alp2100.ch\/en\/wp-json\/wp\/v2\/types\/page"}],"author":[{"embeddable":true,"href":"https:\/\/alp2100.ch\/en\/wp-json\/wp\/v2\/users\/1"}],"replies":[{"embeddable":true,"href":"https:\/\/alp2100.ch\/en\/wp-json\/wp\/v2\/comments?post=410"}],"version-history":[{"count":7,"href":"https:\/\/alp2100.ch\/en\/wp-json\/wp\/v2\/pages\/410\/revisions"}],"predecessor-version":[{"id":909,"href":"https:\/\/alp2100.ch\/en\/wp-json\/wp\/v2\/pages\/410\/revisions\/909"}],"wp:featuredmedia":[{"embeddable":true,"href":"https:\/\/alp2100.ch\/en\/wp-json\/wp\/v2\/media\/413"}],"wp:attachment":[{"href":"https:\/\/alp2100.ch\/en\/wp-json\/wp\/v2\/media?parent=410"}],"curies":[{"name":"wp","href":"https:\/\/api.w.org\/{rel}","templated":true}]}}